{"id":1544,"date":"2021-04-14T10:33:34","date_gmt":"2021-04-14T08:33:34","guid":{"rendered":"https:\/\/www.crp-epnak-foad.com\/?post_type=project&amp;p=1544"},"modified":"2021-04-14T10:33:34","modified_gmt":"2021-04-14T08:33:34","slug":"arborescence-des-sequences-pedagogiques","status":"publish","type":"project","link":"https:\/\/www.pad-plus-ugecam.com\/tutoriels\/index.php\/project\/arborescence-des-sequences-pedagogiques\/","title":{"rendered":"Arborescence des s\u00e9quences p\u00e9dagogiques"},"content":{"rendered":"<p>[et_pb_section fb_built=\u00a0\u00bb1&Prime; admin_label=\u00a0\u00bbHero Section\u00a0\u00bb _builder_version=\u00a0\u00bb4.6.6&Prime; background_color=\u00a0\u00bb#3aa847&Prime; background_color_gradient_direction=\u00a0\u00bb105deg\u00a0\u00bb custom_padding=\u00a0\u00bb60px|0px|60px|0px\u00a0\u00bb][et_pb_row _builder_version=\u00a0\u00bb4.6.6&Prime; _module_preset=\u00a0\u00bbdefault\u00a0\u00bb][et_pb_column type=\u00a0\u00bb4_4&Prime; _builder_version=\u00a0\u00bb4.6.6&Prime; _module_preset=\u00a0\u00bbdefault\u00a0\u00bb][et_pb_text _builder_version=\u00a0\u00bb4.9.2&Prime; _module_preset=\u00a0\u00bbdefault\u00a0\u00bb text_font=\u00a0\u00bbSource Sans Pro||||||||\u00a0\u00bb text_text_color=\u00a0\u00bb#ffffff\u00a0\u00bb text_font_size=\u00a0\u00bb50px\u00a0\u00bb custom_css_main_element=\u00a0\u00bbfont-size:60px;\u00a0\u00bb]<\/p>\n<h1><span style=\"color: #ffffff; font-size: 60px; line-height:60px\"><strong>Arborescence des s\u00e9quences p\u00e9dagogiques<\/strong><\/span><\/h1>\n<p>[\/et_pb_text][\/et_pb_column][\/et_pb_row][\/et_pb_section][et_pb_section fb_built=\u00a0\u00bb1&Prime; admin_label=\u00a0\u00bbAbout Us Section\u00a0\u00bb _builder_version=\u00a0\u00bb3.22&Prime; custom_padding=\u00a0\u00bb40px|0px|110px|0px||\u00a0\u00bb][et_pb_row admin_label=\u00a0\u00bbStatistics\u00a0\u00bb _builder_version=\u00a0\u00bb4.6.6&Prime; min_height=\u00a0\u00bb491px\u00a0\u00bb custom_margin=\u00a0\u00bb100px|||\u00a0\u00bb custom_padding=\u00a0\u00bb39px|40px||40px||\u00a0\u00bb border_radii=\u00a0\u00bbon|6px|6px|6px|6px\u00a0\u00bb box_shadow_style=\u00a0\u00bbpreset1&Prime; box_shadow_vertical=\u00a0\u00bb10px\u00a0\u00bb box_shadow_blur=\u00a0\u00bb24px\u00a0\u00bb box_shadow_spread=\u00a0\u00bb6px\u00a0\u00bb box_shadow_color=\u00a0\u00bbrgba(0,0,0,0.06)\u00a0\u00bb][et_pb_column type=\u00a0\u00bb4_4&Prime; _builder_version=\u00a0\u00bb3.25&Prime; custom_padding=\u00a0\u00bb|||\u00a0\u00bb custom_padding__hover=\u00a0\u00bb|||\u00a0\u00bb][et_pb_text _builder_version=\u00a0\u00bb4.9.2&Prime; _module_preset=\u00a0\u00bbdefault\u00a0\u00bb text_font=\u00a0\u00bbSource Sans Pro||||||||\u00a0\u00bb text_text_color=\u00a0\u00bb#3aa847&Prime;]<\/p>\n<h2><span style=\"color: #3aa847; font-size: 35px;\"><strong>Explication sur l\u2019arborescence<\/strong><\/span><\/h2>\n<p>&nbsp;[\/et_pb_text][et_pb_text _builder_version=\u00a0\u00bb4.9.2&Prime; _module_preset=\u00a0\u00bbdefault\u00a0\u00bb]<\/p>\n<p>Sur la PAD, avant d\u2019int\u00e9grer un support p\u00e9dagogique il faut int\u00e9grer l\u2019arborescence \u00e0 ce syst\u00e8me.<\/p>\n<p><span>A l\u2019heure actuelle, il faut cr\u00e9er une cat\u00e9gorie principale, que l\u2019on appelle ici \u00ab\u00a0<strong>Plateforme\u00a0<\/strong>\u00bb. De cette cat\u00e9gorie principale, <\/span><span>nous<\/span><span> cr\u00e9<\/span><span>ons<\/span><span> ensuite des sous-cat\u00e9gories, <\/span><span>appel\u00e9es<\/span><span> \u00ab\u00a0<strong>Bloc\u00a0<\/strong>\u00bb. De cette sous-cat\u00e9gorie, <\/span><span>nous<\/span><span> cr\u00e9<\/span><span>ons<\/span><span> une sous-cat\u00e9gorie, <\/span><span>appel\u00e9e <\/span><span>\u00ab\u00a0<strong>Module\u00a0<\/strong>\u00bb.<\/span><\/p>\n<p><span>Il y a donc diff\u00e9rents niveaux de cat\u00e9gories. La cat\u00e9gorie principale, la sous-cat\u00e9gorie rattach\u00e9e \u00e0 cette cat\u00e9gorie principale, et enfin la sous-cat\u00e9gorie rattach\u00e9e \u00e0 la sous-cat\u00e9gorie pr\u00e9c\u00e9dente.\u00a0En d\u2019autres termes cela donne\u00a0: <strong>Plateforme \/ Bloc \/ Module<\/strong>.<\/span><\/p>\n<p><span>\u00a0<\/span><\/p>\n<p>La cr\u00e9ation de cat\u00e9gories n\u2019est faisable que par un administrateur, cela \u00e9vite les risques de cr\u00e9ation de cat\u00e9gories par les autres utilisateurs.<\/p>\n<p>Pour la cr\u00e9ation des sous-cat\u00e9gories, un administrateur peut les cr\u00e9er et le formateur aura pour r\u00f4le de cr\u00e9er sa propre s\u00e9quence p\u00e9dagogique.<\/p>\n<p>[\/et_pb_text][et_pb_image src=\u00a0\u00bbhttps:\/\/www.pad-plus-ugecam.com\/tutoriels\/wp-content\/uploads\/2021\/04\/capture-cours-cynthia.png\u00a0\u00bb title_text=\u00a0\u00bbcapture cours cynthia\u00a0\u00bb align=\u00a0\u00bbcenter\u00a0\u00bb _builder_version=\u00a0\u00bb4.9.2&Prime; _module_preset=\u00a0\u00bbdefault\u00a0\u00bb][\/et_pb_image][et_pb_text _builder_version=\u00a0\u00bb4.9.2&Prime; _module_preset=\u00a0\u00bbdefault\u00a0\u00bb]<\/p>\n<p>L\u2019int\u00e9r\u00eat de cette arborescence est d\u2019avoir une structure ordonn\u00e9e pour l\u2019ensemble des s\u00e9quences p\u00e9dagogiques. De plus, avec la cr\u00e9ation future d\u2019un module de synchronisation sur la PAD, les formateurs auront la possibilit\u00e9 de publier une s\u00e9quence p\u00e9dagogique sur le site national de l\u2019EPNAK.<\/p>\n<p>Les formateurs pourront visionner et demander l\u2019autorisation d\u2019utiliser les diverses s\u00e9quences p\u00e9dagogiques qui se trouveront sur ce site.\u00a0<\/p>\n<p>Par cons\u00e9quent, pour permettre ce partage, il faut une arborescence structur\u00e9e et similaire entre les unit\u00e9s.<\/p>\n<p>[\/et_pb_text][\/et_pb_column][\/et_pb_row][et_pb_row admin_label=\u00a0\u00bbStatistics\u00a0\u00bb _builder_version=\u00a0\u00bb4.6.6&Prime; min_height=\u00a0\u00bb491px\u00a0\u00bb custom_margin=\u00a0\u00bb100px|||\u00a0\u00bb custom_padding=\u00a0\u00bb39px|40px||40px||\u00a0\u00bb border_radii=\u00a0\u00bbon|6px|6px|6px|6px\u00a0\u00bb box_shadow_style=\u00a0\u00bbpreset1&Prime; box_shadow_vertical=\u00a0\u00bb10px\u00a0\u00bb box_shadow_blur=\u00a0\u00bb24px\u00a0\u00bb box_shadow_spread=\u00a0\u00bb6px\u00a0\u00bb box_shadow_color=\u00a0\u00bbrgba(0,0,0,0.06)\u00a0\u00bb][et_pb_column type=\u00a0\u00bb4_4&Prime; _builder_version=\u00a0\u00bb3.25&Prime; custom_padding=\u00a0\u00bb|||\u00a0\u00bb custom_padding__hover=\u00a0\u00bb|||\u00a0\u00bb][et_pb_text _builder_version=\u00a0\u00bb4.9.2&Prime; _module_preset=\u00a0\u00bbdefault\u00a0\u00bb text_font=\u00a0\u00bbSource Sans Pro||||||||\u00a0\u00bb text_text_color=\u00a0\u00bb#3aa847&Prime;]<\/p>\n<h2><span style=\"color: #3aa847; font-size: 35px;\"><strong>Pr\u00e9sentation de l&rsquo;arborescence<\/strong><\/span><\/h2>\n<p>&nbsp;[\/et_pb_text][et_pb_text _builder_version=\u00a0\u00bb4.9.2&Prime; _module_preset=\u00a0\u00bbdefault\u00a0\u00bb]<\/p>\n<p>Au niveau du territoire Sud-Ouest, les 3 <strong>ESRP<\/strong> (<strong>Bordeaux, Muret, Limoges<\/strong>), sont en exp\u00e9rimentation sur une arborescence. L\u2019objectif est de trouver l\u2019arborescence la plus simple, en respectant le d\u00e9coupage qui a \u00e9t\u00e9 cr\u00e9\u00e9 par le groupe de travail au niveau national de l\u2019EPNAK. Cette arborescence doit \u00eatre identique pour tous les ESRP de l\u2019EPNAK.<\/p>\n<p>Pour le moment l\u2019arborescence se d\u00e9coupe de la mani\u00e8re suivante\u00a0:<\/p>\n<table border=\"1\" style=\"border-collapse: collapse; width: 70.2265%;\" height=\"372\">\n<tbody>\n<tr>\n<td width=\"94\" style=\"width: 28.8026%;\"><strong>Intitul\u00e9<\/strong><\/td>\n<td width=\"340\" style=\"width: 70.8738%;\"><strong>Exemple<\/strong><\/td>\n<\/tr>\n<tr>\n<td width=\"94\" style=\"width: 28.8026%;\">Plateforme<\/td>\n<td width=\"340\" style=\"width: 70.8738%;\">Plateforme Tertiaire<\/td>\n<\/tr>\n<tr>\n<td width=\"94\" style=\"width: 28.8026%;\">Bloc<\/td>\n<td width=\"340\" style=\"width: 70.8738%;\">Gestion Comptable et fiscale<\/td>\n<\/tr>\n<tr>\n<td width=\"94\" style=\"width: 28.8026%;\">Module<\/td>\n<td width=\"340\" style=\"width: 70.8738%;\">La veille r\u00e9glementaire<\/td>\n<\/tr>\n<tr>\n<td width=\"94\" style=\"width: 28.8026%;\"><span style=\"color: #ff0000;\">S\u00e9quence<\/span><\/td>\n<td width=\"340\" style=\"width: 70.8738%;\">Le syst\u00e8me d\u2019information comptable (SIC)<\/td>\n<\/tr>\n<tr>\n<td width=\"94\" style=\"width: 28.8026%;\"><span style=\"color: #ff0000;\">S\u00e9ance<\/span><\/td>\n<td width=\"340\" style=\"width: 70.8738%;\">\u00a0Etude de cas<\/td>\n<\/tr>\n<\/tbody>\n<\/table>\n<p><span>La s\u00e9quence et la s\u00e9ance, marqu\u00e9es en <span style=\"color: #ff0000;\">rouge<\/span> sur le tableau ci-dessus, doivent \u00eatre cr\u00e9\u00e9es par le formateur.<\/span><\/p>\n<p>[\/et_pb_text][\/et_pb_column][\/et_pb_row][et_pb_row admin_label=\u00a0\u00bbStatistics\u00a0\u00bb _builder_version=\u00a0\u00bb4.6.6&Prime; min_height=\u00a0\u00bb289px\u00a0\u00bb custom_margin=\u00a0\u00bb100px|||\u00a0\u00bb custom_padding=\u00a0\u00bb39px|40px||40px||\u00a0\u00bb border_radii=\u00a0\u00bbon|6px|6px|6px|6px\u00a0\u00bb box_shadow_style=\u00a0\u00bbpreset1&Prime; box_shadow_vertical=\u00a0\u00bb10px\u00a0\u00bb box_shadow_blur=\u00a0\u00bb24px\u00a0\u00bb box_shadow_spread=\u00a0\u00bb6px\u00a0\u00bb box_shadow_color=\u00a0\u00bbrgba(0,0,0,0.06)\u00a0\u00bb][et_pb_column type=\u00a0\u00bb4_4&Prime; _builder_version=\u00a0\u00bb3.25&Prime; custom_padding=\u00a0\u00bb|||\u00a0\u00bb custom_padding__hover=\u00a0\u00bb|||\u00a0\u00bb][et_pb_text _builder_version=\u00a0\u00bb4.9.2&Prime; _module_preset=\u00a0\u00bbdefault\u00a0\u00bb text_font=\u00a0\u00bbSource Sans Pro||||||||\u00a0\u00bb text_text_color=\u00a0\u00bb#3aa847&Prime;]<\/p>\n<h2><span style=\"color: #3aa847; font-size: 35px;\"><strong>Cr\u00e9er l\u2019arborescence<\/strong><\/span><\/h2>\n<p>&nbsp;[\/et_pb_text][et_pb_text _builder_version=\u00a0\u00bb4.9.2&Prime; _module_preset=\u00a0\u00bbdefault\u00a0\u00bb]<\/p>\n<p>Premi\u00e8rement, il faut cr\u00e9er la cat\u00e9gorie principale que l\u2019on appelle \u00ab\u00a0<strong>Plateforme<\/strong>\u00a0\u00bb. En fonction des sections pr\u00e9sentes dans les ESRP, cette plateforme peut s&rsquo;appeler par exemple\u00a0: Plateforme Tertiaire, Plateforme Num\u00e9rique, \u2026<\/p>\n<p>Vous pouvez donc d\u00e9sormais <span style=\"text-decoration: underline;\"><a href=\"https:\/\/www.crp-epnak-foad.com\/project\/creer-une-arborescence-de-cours\/\" title=\"Cr\u00e9er une arborescence\"><strong>Cr\u00e9er une arborescence<\/strong><\/a><\/span>.<\/p>\n<p>Si l\u2019on prend l\u2019exemple de l\u2019ESRP de Bordeaux, nous avons les plateformes suivantes :<\/p>\n<p>[\/et_pb_text][et_pb_image src=\u00a0\u00bbhttps:\/\/www.pad-plus-ugecam.com\/tutoriels\/wp-content\/uploads\/2021\/04\/2021-04-14_10h58_40.png\u00a0\u00bb title_text=\u00a0\u00bb2021-04-14_10h58_40&Prime; align=\u00a0\u00bbcenter\u00a0\u00bb _builder_version=\u00a0\u00bb4.9.2&Prime; _module_preset=\u00a0\u00bbdefault\u00a0\u00bb][\/et_pb_image][\/et_pb_column][\/et_pb_row][\/et_pb_section]<\/p>\n","protected":false},"excerpt":{"rendered":"<p>Arborescence des s\u00e9quences p\u00e9dagogiquesExplication sur l\u2019arborescence &nbsp;Sur la PAD, avant d\u2019int\u00e9grer un support p\u00e9dagogique il faut int\u00e9grer l\u2019arborescence \u00e0 ce syst\u00e8me. A l\u2019heure actuelle, il faut cr\u00e9er une cat\u00e9gorie principale, que l\u2019on appelle ici \u00ab\u00a0Plateforme\u00a0\u00bb. De cette cat\u00e9gorie principale, nous cr\u00e9ons ensuite des sous-cat\u00e9gories, appel\u00e9es \u00ab\u00a0Bloc\u00a0\u00bb. De cette sous-cat\u00e9gorie, nous cr\u00e9ons une sous-cat\u00e9gorie, appel\u00e9e \u00ab\u00a0Module\u00a0\u00bb. [&hellip;]<\/p>\n","protected":false},"author":1,"featured_media":0,"comment_status":"open","ping_status":"closed","template":"","meta":{"_et_pb_use_builder":"on","_et_pb_old_content":"","_et_gb_content_width":""},"project_category":[8],"project_tag":[],"_links":{"self":[{"href":"https:\/\/www.pad-plus-ugecam.com\/tutoriels\/index.php\/wp-json\/wp\/v2\/project\/1544"}],"collection":[{"href":"https:\/\/www.pad-plus-ugecam.com\/tutoriels\/index.php\/wp-json\/wp\/v2\/project"}],"about":[{"href":"https:\/\/www.pad-plus-ugecam.com\/tutoriels\/index.php\/wp-json\/wp\/v2\/types\/project"}],"author":[{"embeddable":true,"href":"https:\/\/www.pad-plus-ugecam.com\/tutoriels\/index.php\/wp-json\/wp\/v2\/users\/1"}],"replies":[{"embeddable":true,"href":"https:\/\/www.pad-plus-ugecam.com\/tutoriels\/index.php\/wp-json\/wp\/v2\/comments?post=1544"}],"version-history":[{"count":0,"href":"https:\/\/www.pad-plus-ugecam.com\/tutoriels\/index.php\/wp-json\/wp\/v2\/project\/1544\/revisions"}],"wp:attachment":[{"href":"https:\/\/www.pad-plus-ugecam.com\/tutoriels\/index.php\/wp-json\/wp\/v2\/media?parent=1544"}],"wp:term":[{"taxonomy":"project_category","embeddable":true,"href":"https:\/\/www.pad-plus-ugecam.com\/tutoriels\/index.php\/wp-json\/wp\/v2\/project_category?post=1544"},{"taxonomy":"project_tag","embeddable":true,"href":"https:\/\/www.pad-plus-ugecam.com\/tutoriels\/index.php\/wp-json\/wp\/v2\/project_tag?post=1544"}],"curies":[{"name":"wp","href":"https:\/\/api.w.org\/{rel}","templated":true}]}}