{"id":172,"date":"2020-11-23T15:19:19","date_gmt":"2020-11-23T14:19:19","guid":{"rendered":"https:\/\/www.crp-epnak-foad.com\/?post_type=project&amp;p=172"},"modified":"2020-11-23T15:19:19","modified_gmt":"2020-11-23T14:19:19","slug":"parametres-de-sequence","status":"publish","type":"project","link":"https:\/\/www.pad-plus-ugecam.com\/tutoriels\/index.php\/project\/parametres-de-sequence\/","title":{"rendered":"Param\u00e8tres de s\u00e9quence"},"content":{"rendered":"<p>[et_pb_section fb_built=\u00a0\u00bb1&Prime; admin_label=\u00a0\u00bbHero Section\u00a0\u00bb _builder_version=\u00a0\u00bb4.6.6&Prime; background_color=\u00a0\u00bb#3aa847&Prime; background_color_gradient_direction=\u00a0\u00bb105deg\u00a0\u00bb custom_padding=\u00a0\u00bb60px|0px|60px|0px\u00a0\u00bb][et_pb_row _builder_version=\u00a0\u00bb4.6.6&Prime; _module_preset=\u00a0\u00bbdefault\u00a0\u00bb][et_pb_column type=\u00a0\u00bb4_4&Prime; _builder_version=\u00a0\u00bb4.6.6&Prime; _module_preset=\u00a0\u00bbdefault\u00a0\u00bb][et_pb_text _builder_version=\u00a0\u00bb4.9.2&Prime; _module_preset=\u00a0\u00bbdefault\u00a0\u00bb text_font=\u00a0\u00bbSource Sans Pro||||||||\u00a0\u00bb text_text_color=\u00a0\u00bb#ffffff\u00a0\u00bb text_font_size=\u00a0\u00bb50px\u00a0\u00bb custom_css_main_element=\u00a0\u00bbfont-size:60px;\u00a0\u00bb]<\/p>\n<h1><span style=\"color: #ffffff; font-size: 60px;\"><strong>Param\u00e8tres de la s\u00e9quence<\/strong><\/span><\/h1>\n<p>[\/et_pb_text][\/et_pb_column][\/et_pb_row][\/et_pb_section][et_pb_section fb_built=\u00a0\u00bb1&Prime; admin_label=\u00a0\u00bbAbout Us Section\u00a0\u00bb _builder_version=\u00a0\u00bb4.6.6&Prime; custom_padding=\u00a0\u00bb40px|0px|110px|0px||\u00a0\u00bb][et_pb_row admin_label=\u00a0\u00bbStatistics\u00a0\u00bb _builder_version=\u00a0\u00bb4.6.6&Prime; custom_margin=\u00a0\u00bb100px|||\u00a0\u00bb custom_padding=\u00a0\u00bb39px|40px||40px||\u00a0\u00bb border_radii=\u00a0\u00bbon|6px|6px|6px|6px\u00a0\u00bb box_shadow_style=\u00a0\u00bbpreset1&Prime; box_shadow_vertical=\u00a0\u00bb10px\u00a0\u00bb box_shadow_blur=\u00a0\u00bb24px\u00a0\u00bb box_shadow_spread=\u00a0\u00bb6px\u00a0\u00bb box_shadow_color=\u00a0\u00bbrgba(0,0,0,0.06)\u00a0\u00bb][et_pb_column type=\u00a0\u00bb4_4&Prime; _builder_version=\u00a0\u00bb3.25&Prime; custom_padding=\u00a0\u00bb|||\u00a0\u00bb custom_padding__hover=\u00a0\u00bb|||\u00a0\u00bb][et_pb_text _builder_version=\u00a0\u00bb4.6.6&Prime; _module_preset=\u00a0\u00bbdefault\u00a0\u00bb text_font=\u00a0\u00bbSource Sans Pro||||||||\u00a0\u00bb text_text_color=\u00a0\u00bb#3aa847&Prime;]<\/p>\n<h2><span style=\"color: #3aa847; font-size:35px;\"><strong>G\u00e9n\u00e9raux<\/strong><\/span><\/h2>\n<p>&nbsp;[\/et_pb_text][et_pb_accordion _builder_version=\u00a0\u00bb4.9.2&Prime; _module_preset=\u00a0\u00bbdefault\u00a0\u00bb box_shadow_style=\u00a0\u00bbpreset1&Prime;][et_pb_accordion_item title=\u00a0\u00bbNom complet de la s\u00e9quence\u00a0\u00bb open=\u00a0\u00bbon\u00a0\u00bb _builder_version=\u00a0\u00bb4.9.2&Prime; _module_preset=\u00a0\u00bbdefault\u00a0\u00bb toggle_text_color=\u00a0\u00bb#2eaae2&Prime; toggle_level=\u00a0\u00bbh3&Prime; toggle_font=\u00a0\u00bbSource Sans Pro|600|||||||\u00a0\u00bb toggle_font_size=\u00a0\u00bb25px\u00a0\u00bb]<\/p>\n<p>Ceci est le nom de la s\u00e9quence. Il est affich\u00e9 sous forme de lien sur les listes de s\u00e9quence de la page d&rsquo;accueil, sur le tableau de bord et dans les rapports. Il est \u00e9galement utilis\u00e9 dans la barre de titre du navigateur lorsque la s\u00e9quence est affich\u00e9e.<\/p>\n<p>[\/et_pb_accordion_item][et_pb_accordion_item title=\u00a0\u00bbNom abr\u00e9g\u00e9 de la s\u00e9quence\u00a0\u00bb _builder_version=\u00a0\u00bb4.9.2&Prime; _module_preset=\u00a0\u00bbdefault\u00a0\u00bb toggle_text_color=\u00a0\u00bb#2eaae2&Prime; toggle_level=\u00a0\u00bbh3&Prime; toggle_font=\u00a0\u00bbSource Sans Pro|600|||||||\u00a0\u00bb toggle_font_size=\u00a0\u00bb25px\u00a0\u00bb open=\u00a0\u00bboff\u00a0\u00bb]<\/p>\n<p>Par d\u00e9faut, seuls les noms complets des s\u00e9quences sont affich\u00e9es dans la liste des s\u00e9quences. Cependant, un administrateur peut activer l&rsquo;affichage des noms abr\u00e9g\u00e9s si n\u00e9cessaire en cochant la case \u00ab Afficher les noms de s\u00e9quences \u00e9tendus \u00bb dans Administration &gt; Administration du site &gt; Pr\u00e9sentation &gt; S\u00e9quences.<\/p>\n<p>[\/et_pb_accordion_item][et_pb_accordion_item title=\u00a0\u00bbCat\u00e9gorie de s\u00e9quence\u00a0\u00bb _builder_version=\u00a0\u00bb4.9.2&Prime; _module_preset=\u00a0\u00bbdefault\u00a0\u00bb toggle_text_color=\u00a0\u00bb#2eaae2&Prime; toggle_level=\u00a0\u00bbh3&Prime; toggle_font=\u00a0\u00bbSource Sans Pro|600|||||||\u00a0\u00bb toggle_font_size=\u00a0\u00bb25px\u00a0\u00bb open=\u00a0\u00bboff\u00a0\u00bb]<\/p>\n<p>L&rsquo;administrateur du site peut avoir cr\u00e9\u00e9 des cat\u00e9gories de s\u00e9quence pour aider les formateurs et les stagiaires \u00e0 trouver facilement leurs s\u00e9quences. Les cat\u00e9gories de s\u00e9quence peuvent appara\u00eetre dans le Bloc Navigation.<\/p>\n<p>[\/et_pb_accordion_item][et_pb_accordion_item title=\u00a0\u00bbVisibilit\u00e9 de la s\u00e9quence\u00a0\u00bb _builder_version=\u00a0\u00bb4.9.2&Prime; _module_preset=\u00a0\u00bbdefault\u00a0\u00bb toggle_text_color=\u00a0\u00bb#2eaae2&Prime; toggle_level=\u00a0\u00bbh3&Prime; toggle_font=\u00a0\u00bbSource Sans Pro|600|||||||\u00a0\u00bb toggle_font_size=\u00a0\u00bb25px\u00a0\u00bb open=\u00a0\u00bboff\u00a0\u00bb]<\/p>\n<p>Ici, vous pouvez \u00ab\u00a0masquer\u00a0\u00bb compl\u00e8tement votre s\u00e9quence. Il n&rsquo;appara\u00eetra pas dans la liste des s\u00e9quences, sauf pour les Gestionnaires, les Cr\u00e9ateurs de s\u00e9quence, les Formateurs et de tout autre utilisateur ayant la capacit\u00e9 de voir les s\u00e9quences cach\u00e9es. M\u00eame si les stagiaires essaient d&rsquo;acc\u00e9der directement \u00e0 l&rsquo;URL de la s\u00e9quence, ils ne seront pas autoris\u00e9s \u00e0 y entrer.<\/p>\n<p>[\/et_pb_accordion_item][et_pb_accordion_item title=\u00a0\u00bbDate de d\u00e9but de la s\u00e9quence\u00a0\u00bb _builder_version=\u00a0\u00bb4.9.2&Prime; _module_preset=\u00a0\u00bbdefault\u00a0\u00bb toggle_text_color=\u00a0\u00bb#2eaae2&Prime; toggle_level=\u00a0\u00bbh3&Prime; toggle_font=\u00a0\u00bbSource Sans Pro|600|||||||\u00a0\u00bb toggle_font_size=\u00a0\u00bb25px\u00a0\u00bb open=\u00a0\u00bboff\u00a0\u00bb]<\/p>\n<p>Cette option affecte l&rsquo;affichage des historiques et les dates des s\u00e9ances du format hebdomadaire.<\/p>\n<p>Si vous utilisez le format \u00ab\u00a0Hebdomadaire\u00a0\u00bb, la date de d\u00e9but appara\u00eetra dans la premi\u00e8re section de la s\u00e9quence. Par exemple, en s\u00e9lectionnant 27 juillet, \u00ab\u00a027 juillet &#8211; 2 ao\u00fbt\u00a0\u00bb sera affich\u00e9 dans la premi\u00e8re s\u00e9ance (lorsque l&rsquo;affichage par d\u00e9faut est s\u00e9lectionn\u00e9 pour cette s\u00e9ance).<\/p>\n<p>Ce param\u00e8tre aura un effet sur l&rsquo;affichage des historiques. Il s&rsquo;agira de la date la plus proche possible \u00e0 laquelle le rapport d&rsquo;activit\u00e9 d\u00e9butera.<\/p>\n<p>Ce param\u00e8tre n&rsquo;affectera pas les s\u00e9quences utilisant les formats \u00ab Informel \u00bb ou \u00ab Hebdomadaire \u00bb.<\/p>\n<p>[\/et_pb_accordion_item][et_pb_accordion_item title=\u00a0\u00bbDate de fin de la s\u00e9quence\u00a0\u00bb _builder_version=\u00a0\u00bb4.9.2&Prime; _module_preset=\u00a0\u00bbdefault\u00a0\u00bb toggle_text_color=\u00a0\u00bb#2eaae2&Prime; toggle_level=\u00a0\u00bbh3&Prime; toggle_font=\u00a0\u00bbSource Sans Pro|600|||||||\u00a0\u00bb toggle_font_size=\u00a0\u00bb25px\u00a0\u00bb open=\u00a0\u00bboff\u00a0\u00bb]<\/p>\n<p>La date de fin de la s\u00e9quence est utilis\u00e9e pour d\u00e9terminer si une s\u00e9quence doit \u00eatre incluse dans la liste des s\u00e9quence d&rsquo;un utilisateur. Lorsque la date de fin est d\u00e9pass\u00e9e, la s\u00e9quence n&rsquo;est plus r\u00e9pertori\u00e9e dans le bloc\/tiroir de navigation et est r\u00e9pertori\u00e9 comme Pass\u00e9 dans le Bloc Vue d&rsquo;ensemble des s\u00e9quences du tableau de bord des stagiaires.<\/p>\n<p>La date de fin de la s\u00e9quence est \u00e9galement utilis\u00e9e pour calculer la p\u00e9riode de r\u00e9tention avant la suppression des donn\u00e9es. Il peut \u00e9galement \u00eatre utilis\u00e9 par un rapport personnalis\u00e9, par exemple une activit\u00e9 de rapport pour la dur\u00e9e d&rsquo;une s\u00e9quence.<\/p>\n<p>Les utilisateurs peuvent toujours entrer dans la s\u00e9quence apr\u00e8s la date de fin ; en d&rsquo;autres termes, cette date n&rsquo;en limite pas l&rsquo;acc\u00e8s.<\/p>\n<p>[\/et_pb_accordion_item][et_pb_accordion_item title=\u00a0\u00bbN\u00b0 d&rsquo;identification de la s\u00e9quence\u00a0\u00bb _builder_version=\u00a0\u00bb4.9.2&Prime; _module_preset=\u00a0\u00bbdefault\u00a0\u00bb toggle_text_color=\u00a0\u00bb#2eaae2&Prime; toggle_level=\u00a0\u00bbh3&Prime; toggle_font=\u00a0\u00bbSource Sans Pro|600|||||||\u00a0\u00bb toggle_font_size=\u00a0\u00bb25px\u00a0\u00bb open=\u00a0\u00bboff\u00a0\u00bb]<\/p>\n<p>Le Num\u00e9ro d&rsquo;identification est un champ alphanum\u00e9rique. Il a plusieurs utilisations potentielles. En g\u00e9n\u00e9ral, il n&rsquo;est pas affich\u00e9 aux stagiaires. Toutefois, il peut \u00eatre utilis\u00e9 pour comparer cette s\u00e9quence \u00e0 l&rsquo;ID d&rsquo;un syst\u00e8me externe, en tant qu&rsquo;ID de votre catalogue de s\u00e9quence ou peut \u00eatre utilis\u00e9 dans le module de certificat comme champ imprim\u00e9.<\/p>\n<p>[\/et_pb_accordion_item][\/et_pb_accordion][\/et_pb_column][\/et_pb_row][et_pb_row admin_label=\u00a0\u00bbStatistics\u00a0\u00bb _builder_version=\u00a0\u00bb4.6.6&Prime; custom_margin=\u00a0\u00bb100px|||\u00a0\u00bb custom_padding=\u00a0\u00bb39px|40px||40px||\u00a0\u00bb border_radii=\u00a0\u00bbon|6px|6px|6px|6px\u00a0\u00bb box_shadow_style=\u00a0\u00bbpreset1&Prime; box_shadow_vertical=\u00a0\u00bb10px\u00a0\u00bb box_shadow_blur=\u00a0\u00bb24px\u00a0\u00bb box_shadow_spread=\u00a0\u00bb6px\u00a0\u00bb box_shadow_color=\u00a0\u00bbrgba(0,0,0,0.06)\u00a0\u00bb][et_pb_column type=\u00a0\u00bb4_4&Prime; _builder_version=\u00a0\u00bb3.25&Prime; custom_padding=\u00a0\u00bb|||\u00a0\u00bb custom_padding__hover=\u00a0\u00bb|||\u00a0\u00bb][et_pb_text _builder_version=\u00a0\u00bb4.6.6&Prime; _module_preset=\u00a0\u00bbdefault\u00a0\u00bb text_font=\u00a0\u00bbSource Sans Pro||||||||\u00a0\u00bb text_text_color=\u00a0\u00bb#3aa847&Prime;]<\/p>\n<h2><span style=\"color: #3aa847; font-size: 35px;\"><strong>Description<\/strong><\/span><\/h2>\n<p>&nbsp;<\/p>\n<p>[\/et_pb_text][et_pb_accordion _builder_version=\u00a0\u00bb4.9.2&Prime; _module_preset=\u00a0\u00bbdefault\u00a0\u00bb box_shadow_style=\u00a0\u00bbpreset1&Prime;][et_pb_accordion_item title=\u00a0\u00bbR\u00e9sume de la s\u00e9quence\u00a0\u00bb open=\u00a0\u00bbon\u00a0\u00bb _builder_version=\u00a0\u00bb4.9.2&Prime; _module_preset=\u00a0\u00bbdefault\u00a0\u00bb toggle_text_color=\u00a0\u00bb#2eaae2&Prime; toggle_level=\u00a0\u00bbh3&Prime; toggle_font=\u00a0\u00bbSource Sans Pro|600|||||||\u00a0\u00bb toggle_font_size=\u00a0\u00bb25px\u00a0\u00bb]<\/p>\n<p>Le r\u00e9sum\u00e9 appara\u00eet sur la page de liste des s\u00e9quences. Ce champ est recherch\u00e9 lors de la recherche d&rsquo;une s\u00e9quence et appara\u00eet \u00e9galement dans le bloc Description de la s\u00e9quence\/du site.<\/p>\n<p>[\/et_pb_accordion_item][et_pb_accordion_item title=\u00a0\u00bbImage de la s\u00e9quence\u00a0\u00bb _builder_version=\u00a0\u00bb4.9.2&Prime; _module_preset=\u00a0\u00bbdefault\u00a0\u00bb toggle_text_color=\u00a0\u00bb#2eaae2&Prime; toggle_level=\u00a0\u00bbh3&Prime; toggle_font=\u00a0\u00bbSource Sans Pro|600|||||||\u00a0\u00bb toggle_font_size=\u00a0\u00bb25px\u00a0\u00bb open=\u00a0\u00bboff\u00a0\u00bb]<\/p>\n<p>Une image (et si l&rsquo;administrateur l&rsquo;autorise, d&rsquo;autres types de fichiers) peut \u00eatre jointe au r\u00e9sum\u00e9 de la s\u00e9quence. Ils seront accessibles par toute personne ext\u00e9rieure \u00e0 la s\u00e9quence, tout comme le nom de la s\u00e9quence et\/ou son r\u00e9sum\u00e9.<\/p>\n<p>Par d\u00e9faut, seuls les types de fichiers jpg, gif et png sont autoris\u00e9s comme fichiers de r\u00e9sum\u00e9 de s\u00e9quence. Un administrateur peut modifier les types de fichiers autoris\u00e9s dans \u00ab Extensions des fichiers image de s\u00e9quence \u00bb accessible depuis Administration &gt; Administration du site &gt; Pr\u00e9sentation &gt; S\u00e9quences.<\/p>\n<p>[\/et_pb_accordion_item][\/et_pb_accordion][\/et_pb_column][\/et_pb_row][et_pb_row admin_label=\u00a0\u00bbStatistics\u00a0\u00bb _builder_version=\u00a0\u00bb4.6.6&Prime; custom_margin=\u00a0\u00bb100px|||\u00a0\u00bb custom_padding=\u00a0\u00bb39px|40px||40px||\u00a0\u00bb border_radii=\u00a0\u00bbon|6px|6px|6px|6px\u00a0\u00bb box_shadow_style=\u00a0\u00bbpreset1&Prime; box_shadow_vertical=\u00a0\u00bb10px\u00a0\u00bb box_shadow_blur=\u00a0\u00bb24px\u00a0\u00bb box_shadow_spread=\u00a0\u00bb6px\u00a0\u00bb box_shadow_color=\u00a0\u00bbrgba(0,0,0,0.06)\u00a0\u00bb][et_pb_column type=\u00a0\u00bb4_4&Prime; _builder_version=\u00a0\u00bb3.25&Prime; custom_padding=\u00a0\u00bb|||\u00a0\u00bb custom_padding__hover=\u00a0\u00bb|||\u00a0\u00bb][et_pb_text _builder_version=\u00a0\u00bb4.9.2&Prime; _module_preset=\u00a0\u00bbdefault\u00a0\u00bb text_font=\u00a0\u00bbSource Sans Pro||||||||\u00a0\u00bb text_text_color=\u00a0\u00bb#3aa847&Prime;]<\/p>\n<h2><span style=\"color: #3aa847; font-size: 35px;\"><strong>Format de s\u00e9quence<\/strong><\/span><\/h2>\n<p>&nbsp;[\/et_pb_text][et_pb_accordion _builder_version=\u00a0\u00bb4.9.2&Prime; _module_preset=\u00a0\u00bbdefault\u00a0\u00bb hover_enabled=\u00a0\u00bb0&Prime; box_shadow_style=\u00a0\u00bbpreset1&Prime; sticky_enabled=\u00a0\u00bb0&Prime;][et_pb_accordion_item title=\u00a0\u00bbFormat\u00a0\u00bb open=\u00a0\u00bbon\u00a0\u00bb _builder_version=\u00a0\u00bb4.9.2&Prime; _module_preset=\u00a0\u00bbdefault\u00a0\u00bb toggle_text_color=\u00a0\u00bb#2eaae2&Prime; toggle_level=\u00a0\u00bbh3&Prime; toggle_font=\u00a0\u00bbSource Sans Pro|600|||||||\u00a0\u00bb toggle_font_size=\u00a0\u00bb25px\u00a0\u00bb]<\/p>\n<h4><em>Format hebdomadaire<\/em><\/h4>\n<p>La s\u00e9quence est organis\u00e9e par semaine avec des dates de d\u00e9but et de fin clairement identifi\u00e9es. Chaque semaine contient des activit\u00e9s et des ressources.<\/p>\n<p><img decoding=\"async\" loading=\"lazy\" src=\"https:\/\/www.pad-plus-ugecam.com\/tutoriels\/wp-content\/uploads\/2020\/12\/2020-12-01_11h23_01.png\" width=\"907\" height=\"286\" alt=\"\" class=\"wp-image-246 alignnone size-full\" srcset=\"https:\/\/www.pad-plus-ugecam.com\/tutoriels\/wp-content\/uploads\/2020\/12\/2020-12-01_11h23_01.png 907w, https:\/\/www.pad-plus-ugecam.com\/tutoriels\/wp-content\/uploads\/2020\/12\/2020-12-01_11h23_01-480x151.png 480w\" sizes=\"(min-width: 0px) and (max-width: 480px) 480px, (min-width: 481px) 907px, 100vw\" \/><\/p>\n<h4><em>Format th\u00e9matique<\/em><\/h4>\n<p>Ce format est organis\u00e9 en s\u00e9ances th\u00e9matiques. Chacune de ces s\u00e9ances comprend des activit\u00e9s et des ressources. Le formateur peut personnaliser les titres des s\u00e9ances.<\/p>\n<p><img decoding=\"async\" loading=\"lazy\" src=\"https:\/\/www.pad-plus-ugecam.com\/tutoriels\/wp-content\/uploads\/2021\/06\/2021-06-08_15h14_03.png\" width=\"911\" height=\"289\" alt=\"\" class=\"wp-image-1673 alignnone size-full\" srcset=\"https:\/\/www.pad-plus-ugecam.com\/tutoriels\/wp-content\/uploads\/2021\/06\/2021-06-08_15h14_03.png 911w, https:\/\/www.pad-plus-ugecam.com\/tutoriels\/wp-content\/uploads\/2021\/06\/2021-06-08_15h14_03-480x152.png 480w\" sizes=\"(min-width: 0px) and (max-width: 480px) 480px, (min-width: 481px) 911px, 100vw\" \/><\/p>\n<h4><em>Format informel<\/em><\/h4>\n<p>Ce format est organis\u00e9 autour d&rsquo;un forum principal, le \u00ab\u00a0Forum public\u00a0\u00bb, qui est affich\u00e9 sur la page de la s\u00e9quence. Il est utile dans les situations informelles qui ne sont pas n\u00e9cessairement des s\u00e9quences. Par exemple, il peut \u00eatre utilis\u00e9 comme tableau d&rsquo;affichage pour une classe ou un d\u00e9partement.<\/p>\n<p><img decoding=\"async\" loading=\"lazy\" src=\"https:\/\/www.pad-plus-ugecam.com\/tutoriels\/wp-content\/uploads\/2020\/12\/2020-12-01_11h22_33.png\" width=\"907\" height=\"176\" alt=\"\" class=\"wp-image-245 alignnone size-full\" srcset=\"https:\/\/www.pad-plus-ugecam.com\/tutoriels\/wp-content\/uploads\/2020\/12\/2020-12-01_11h22_33.png 907w, https:\/\/www.pad-plus-ugecam.com\/tutoriels\/wp-content\/uploads\/2020\/12\/2020-12-01_11h22_33-480x93.png 480w\" sizes=\"(min-width: 0px) and (max-width: 480px) 480px, (min-width: 481px) 907px, 100vw\" \/><\/p>\n<h4><em>Format activit\u00e9 unique<\/em><\/h4>\n<p>Ce format permet d&rsquo;afficher une activit\u00e9 ou une ressource unique sur la page de s\u00e9quence. L\u2019activit\u00e9 choisie ci-dessous est une activit\u00e9 de type \u00ab fichier \u00bb.<\/p>\n<p><img decoding=\"async\" loading=\"lazy\" src=\"https:\/\/www.pad-plus-ugecam.com\/tutoriels\/wp-content\/uploads\/2021\/06\/2021-06-08_15h11_02.png\" width=\"908\" height=\"200\" alt=\"\" class=\"wp-image-1672 alignnone size-full\" srcset=\"https:\/\/www.pad-plus-ugecam.com\/tutoriels\/wp-content\/uploads\/2021\/06\/2021-06-08_15h11_02.png 908w, https:\/\/www.pad-plus-ugecam.com\/tutoriels\/wp-content\/uploads\/2021\/06\/2021-06-08_15h11_02-480x106.png 480w\" sizes=\"(min-width: 0px) and (max-width: 480px) 480px, (min-width: 481px) 908px, 100vw\" \/><\/p>\n<p>[\/et_pb_accordion_item][et_pb_accordion_item title=\u00a0\u00bbNombre de s\u00e9ances\u00a0\u00bb _builder_version=\u00a0\u00bb4.9.2&Prime; _module_preset=\u00a0\u00bbdefault\u00a0\u00bb toggle_text_color=\u00a0\u00bb#2eaae2&Prime; toggle_level=\u00a0\u00bbh3&Prime; toggle_font=\u00a0\u00bbSource Sans Pro|600|||||||\u00a0\u00bb toggle_font_size=\u00a0\u00bb25px\u00a0\u00bb open=\u00a0\u00bboff\u00a0\u00bb]<\/p>\n<p>Combien de s\u00e9ances seront cr\u00e9\u00e9es avec la s\u00e9quence.<\/p>\n<p>[\/et_pb_accordion_item][et_pb_accordion_item title=\u00a0\u00bbS\u00e9ances cach\u00e9es\u00a0\u00bb _builder_version=\u00a0\u00bb4.9.2&Prime; _module_preset=\u00a0\u00bbdefault\u00a0\u00bb hover_enabled=\u00a0\u00bb0&Prime; toggle_text_color=\u00a0\u00bb#2eaae2&Prime; toggle_level=\u00a0\u00bbh3&Prime; toggle_font=\u00a0\u00bbSource Sans Pro|600|||||||\u00a0\u00bb toggle_font_size=\u00a0\u00bb25px\u00a0\u00bb open=\u00a0\u00bboff\u00a0\u00bb sticky_enabled=\u00a0\u00bb0&Prime;]<\/p>\n<p>Cette option vous permet de d\u00e9cider comment les s\u00e9ances cach\u00e9es de votre s\u00e9quence sont affich\u00e9es aux stagiaires. Par d\u00e9faut, une petite zone est affich\u00e9e (sous forme r\u00e9duite, g\u00e9n\u00e9ralement en gris) pour indiquer o\u00f9 se trouve la s\u00e9ance masqu\u00e9e, bien qu&rsquo;ils ne puissent toujours pas voir les activit\u00e9s et textes dissimul\u00e9s.<\/p>\n<p><img decoding=\"async\" loading=\"lazy\" src=\"https:\/\/www.pad-plus-ugecam.com\/tutoriels\/wp-content\/uploads\/2021\/06\/2021-06-08_15h37_49.png\" width=\"909\" height=\"88\" alt=\"\" class=\"wp-image-1678 alignnone size-full\" srcset=\"https:\/\/www.pad-plus-ugecam.com\/tutoriels\/wp-content\/uploads\/2021\/06\/2021-06-08_15h37_49.png 909w, https:\/\/www.pad-plus-ugecam.com\/tutoriels\/wp-content\/uploads\/2021\/06\/2021-06-08_15h37_49-480x46.png 480w\" sizes=\"(min-width: 0px) and (max-width: 480px) 480px, (min-width: 481px) 909px, 100vw\" \/><\/p>\n<p>[\/et_pb_accordion_item][et_pb_accordion_item title=\u00a0\u00bbMise en page de la s\u00e9quence\u00a0\u00bb _builder_version=\u00a0\u00bb4.9.2&Prime; _module_preset=\u00a0\u00bbdefault\u00a0\u00bb toggle_text_color=\u00a0\u00bb#2eaae2&Prime; toggle_level=\u00a0\u00bbh3&Prime; toggle_font=\u00a0\u00bbSource Sans Pro|600|||||||\u00a0\u00bb toggle_font_size=\u00a0\u00bb25px\u00a0\u00bb open=\u00a0\u00bboff\u00a0\u00bb]<\/p>\n<p>Le param\u00e8tre Mise en page de la s\u00e9quence d\u00e9termine si l&rsquo;ensemble de la s\u00e9quence est affich\u00e9 sur une page ou s&rsquo;il est r\u00e9parti sur plusieurs pages, une par s\u00e9ance.<\/p>\n<p>[\/et_pb_accordion_item][\/et_pb_accordion][\/et_pb_column][\/et_pb_row][et_pb_row admin_label=\u00a0\u00bbStatistics\u00a0\u00bb _builder_version=\u00a0\u00bb4.6.6&Prime; custom_margin=\u00a0\u00bb100px|||\u00a0\u00bb custom_padding=\u00a0\u00bb39px|40px||40px||\u00a0\u00bb border_radii=\u00a0\u00bbon|6px|6px|6px|6px\u00a0\u00bb box_shadow_style=\u00a0\u00bbpreset1&Prime; box_shadow_vertical=\u00a0\u00bb10px\u00a0\u00bb box_shadow_blur=\u00a0\u00bb24px\u00a0\u00bb box_shadow_spread=\u00a0\u00bb6px\u00a0\u00bb box_shadow_color=\u00a0\u00bbrgba(0,0,0,0.06)\u00a0\u00bb][et_pb_column type=\u00a0\u00bb4_4&Prime; _builder_version=\u00a0\u00bb3.25&Prime; custom_padding=\u00a0\u00bb|||\u00a0\u00bb custom_padding__hover=\u00a0\u00bb|||\u00a0\u00bb][et_pb_text _builder_version=\u00a0\u00bb4.6.6&Prime; _module_preset=\u00a0\u00bbdefault\u00a0\u00bb text_font=\u00a0\u00bbSource Sans Pro||||||||\u00a0\u00bb text_text_color=\u00a0\u00bb#3aa847&Prime;]<\/p>\n<h2><span style=\"color: #3aa847; font-size: 35px;\"><strong>Apparence<\/strong><\/span><\/h2>\n<p>&nbsp;<\/p>\n<p>[\/et_pb_text][et_pb_accordion _builder_version=\u00a0\u00bb4.9.2&Prime; _module_preset=\u00a0\u00bbdefault\u00a0\u00bb box_shadow_style=\u00a0\u00bbpreset1&Prime;][et_pb_accordion_item title=\u00a0\u00bbImposer la langue\u00a0\u00bb open=\u00a0\u00bbon\u00a0\u00bb _builder_version=\u00a0\u00bb4.9.2&Prime; _module_preset=\u00a0\u00bbdefault\u00a0\u00bb toggle_text_color=\u00a0\u00bb#2eaae2&Prime; toggle_level=\u00a0\u00bbh3&Prime; toggle_font=\u00a0\u00bbSource Sans Pro|600|||||||\u00a0\u00bb toggle_font_size=\u00a0\u00bb25px\u00a0\u00bb]<\/p>\n<p>Si vous d\u00e9finissez une langue par d\u00e9faut dans une s\u00e9quence, l&rsquo;interface de Moodle dans cette s\u00e9quence sera dans cette langue particuli\u00e8re, m\u00eame si le stagiaire a choisi une autre langue dans son profil personnel.<\/p>\n<p>[\/et_pb_accordion_item][et_pb_accordion_item title=\u00a0\u00bbNombre d\u2019annonces\u00a0\u00bb _builder_version=\u00a0\u00bb4.9.2&Prime; _module_preset=\u00a0\u00bbdefault\u00a0\u00bb toggle_text_color=\u00a0\u00bb#2eaae2&Prime; toggle_level=\u00a0\u00bbh3&Prime; toggle_font=\u00a0\u00bbSource Sans Pro|600|||||||\u00a0\u00bb toggle_font_size=\u00a0\u00bb25px\u00a0\u00bb open=\u00a0\u00bboff\u00a0\u00bb]<\/p>\n<p>Combien d&rsquo;annonces r\u00e9centes du Forum des annonces devraient appara\u00eetre dans le Bloc Derni\u00e8res annonces.<\/p>\n<p>Si un forum d&rsquo;annonces n&rsquo;est pas n\u00e9cessaire dans la s\u00e9quence, ce param\u00e8tre doit \u00eatre d\u00e9sactiv\u00e9.<\/p>\n<p>[\/et_pb_accordion_item][et_pb_accordion_item title=\u00a0\u00bbAfficher le carnet de notes aux stagiaires\u00a0\u00bb _builder_version=\u00a0\u00bb4.9.2&Prime; _module_preset=\u00a0\u00bbdefault\u00a0\u00bb toggle_text_color=\u00a0\u00bb#2eaae2&Prime; toggle_level=\u00a0\u00bbh3&Prime; toggle_font=\u00a0\u00bbSource Sans Pro|600|||||||\u00a0\u00bb toggle_font_size=\u00a0\u00bb25px\u00a0\u00bb open=\u00a0\u00bboff\u00a0\u00bb]<\/p>\n<p>Vous pouvez d\u00e9cider d&rsquo;autoriser ou non les stagiaires \u00e0 voir le lien vers les Notes dans le bloc Administration. Si votre s\u00e9quence ne comporte pas d&rsquo;activit\u00e9s not\u00e9es, vous pouvez d\u00e9sactiver cette option. Si les notes sont utilis\u00e9es et que ce lien est d\u00e9sactiv\u00e9, les stagiaires peuvent toujours voir leur note \u00e0 partir de l&rsquo;activit\u00e9 elle-m\u00eame, comme dans un Devoir.<\/p>\n<p>[\/et_pb_accordion_item][et_pb_accordion_item title=\u00a0\u00bbAfficher les rapports d\u2019activit\u00e9s\u00a0\u00bb _builder_version=\u00a0\u00bb4.9.2&Prime; _module_preset=\u00a0\u00bbdefault\u00a0\u00bb toggle_text_color=\u00a0\u00bb#2eaae2&Prime; toggle_level=\u00a0\u00bbh3&Prime; toggle_font=\u00a0\u00bbSource Sans Pro|600|||||||\u00a0\u00bb toggle_font_size=\u00a0\u00bb25px\u00a0\u00bb open=\u00a0\u00bboff\u00a0\u00bb]<\/p>\n<p>Vous pouvez d\u00e9cider si vous voulez montrer aux stagiaires leur rapport d&rsquo;activit\u00e9. Cependant, cela impose une charge sur le serveur, c&rsquo;est la raison pour laquelle ce param\u00e8tre est d\u00e9sactiv\u00e9 par d\u00e9faut.<\/p>\n<p>[\/et_pb_accordion_item][\/et_pb_accordion][\/et_pb_column][\/et_pb_row][et_pb_row admin_label=\u00a0\u00bbStatistics\u00a0\u00bb _builder_version=\u00a0\u00bb4.6.6&Prime; custom_margin=\u00a0\u00bb100px|||\u00a0\u00bb custom_padding=\u00a0\u00bb39px|40px||40px||\u00a0\u00bb border_radii=\u00a0\u00bbon|6px|6px|6px|6px\u00a0\u00bb box_shadow_style=\u00a0\u00bbpreset1&Prime; box_shadow_vertical=\u00a0\u00bb10px\u00a0\u00bb box_shadow_blur=\u00a0\u00bb24px\u00a0\u00bb box_shadow_spread=\u00a0\u00bb6px\u00a0\u00bb box_shadow_color=\u00a0\u00bbrgba(0,0,0,0.06)\u00a0\u00bb][et_pb_column type=\u00a0\u00bb4_4&Prime; _builder_version=\u00a0\u00bb3.25&Prime; custom_padding=\u00a0\u00bb|||\u00a0\u00bb custom_padding__hover=\u00a0\u00bb|||\u00a0\u00bb][et_pb_text _builder_version=\u00a0\u00bb4.6.6&Prime; _module_preset=\u00a0\u00bbdefault\u00a0\u00bb text_font=\u00a0\u00bbSource Sans Pro||||||||\u00a0\u00bb text_text_color=\u00a0\u00bb#3aa847&Prime;]<\/p>\n<h2><span style=\"color: #3aa847; font-size: 35px;\"><b>Fichiers et d\u00e9p\u00f4ts<\/b><\/span><span style=\"font-size: 14px; color: #3aa847;\">\u00a0<\/span><\/h2>\n<p>[\/et_pb_text][et_pb_accordion _builder_version=\u00a0\u00bb4.9.2&Prime; _module_preset=\u00a0\u00bbdefault\u00a0\u00bb box_shadow_style=\u00a0\u00bbpreset1&Prime;][et_pb_accordion_item title=\u00a0\u00bbTaille maximale des fichiers d\u00e9pos\u00e9s\u00a0\u00bb open=\u00a0\u00bbon\u00a0\u00bb _builder_version=\u00a0\u00bb4.9.2&Prime; _module_preset=\u00a0\u00bbdefault\u00a0\u00bb toggle_text_color=\u00a0\u00bb#2eaae2&Prime; toggle_level=\u00a0\u00bbh3&Prime; toggle_font=\u00a0\u00bbSource Sans Pro|600|||||||\u00a0\u00bb toggle_font_size=\u00a0\u00bb25px\u00a0\u00bb]<\/p>\n<p>Vous pouvez d\u00e9cider de la plus grande taille de fichier que les stagiaires peuvent t\u00e9l\u00e9charger dans une s\u00e9quence. L&rsquo;administrateur du site peut d\u00e9terminer les tailles de fichiers \u00e0 s\u00e9lectionner par le formateur.<\/p>\n<p>[\/et_pb_accordion_item][\/et_pb_accordion][\/et_pb_column][\/et_pb_row][et_pb_row admin_label=\u00a0\u00bbStatistics\u00a0\u00bb _builder_version=\u00a0\u00bb4.6.6&Prime; custom_margin=\u00a0\u00bb100px|||\u00a0\u00bb custom_padding=\u00a0\u00bb39px|40px||40px||\u00a0\u00bb border_radii=\u00a0\u00bbon|6px|6px|6px|6px\u00a0\u00bb box_shadow_style=\u00a0\u00bbpreset1&Prime; box_shadow_vertical=\u00a0\u00bb10px\u00a0\u00bb box_shadow_blur=\u00a0\u00bb24px\u00a0\u00bb box_shadow_spread=\u00a0\u00bb6px\u00a0\u00bb box_shadow_color=\u00a0\u00bbrgba(0,0,0,0.06)\u00a0\u00bb][et_pb_column type=\u00a0\u00bb4_4&Prime; _builder_version=\u00a0\u00bb3.25&Prime; custom_padding=\u00a0\u00bb|||\u00a0\u00bb custom_padding__hover=\u00a0\u00bb|||\u00a0\u00bb][et_pb_text _builder_version=\u00a0\u00bb4.6.6&Prime; _module_preset=\u00a0\u00bbdefault\u00a0\u00bb text_font=\u00a0\u00bbSource Sans Pro||||||||\u00a0\u00bb text_text_color=\u00a0\u00bb#3aa847&Prime;]<\/p>\n<h2><span style=\"color: #3aa847; font-size: 35px;\"><strong>Suivi d&rsquo;ach\u00e8vement<\/strong><\/span><\/h2>\n<p>&nbsp;<\/p>\n<p>[\/et_pb_text][et_pb_accordion _builder_version=\u00a0\u00bb4.9.2&Prime; _module_preset=\u00a0\u00bbdefault\u00a0\u00bb box_shadow_style=\u00a0\u00bbpreset1&Prime;][et_pb_accordion_item title=\u00a0\u00bbActiver le suivi de l&rsquo;ach\u00e8vement des activit\u00e9s\u00a0\u00bb open=\u00a0\u00bbon\u00a0\u00bb _builder_version=\u00a0\u00bb4.9.2&Prime; _module_preset=\u00a0\u00bbdefault\u00a0\u00bb toggle_text_color=\u00a0\u00bb#2eaae2&Prime; toggle_level=\u00a0\u00bbh3&Prime; toggle_font=\u00a0\u00bbSource Sans Pro|600|||||||\u00a0\u00bb toggle_font_size=\u00a0\u00bb25px\u00a0\u00bb]<\/p>\n<p>L&rsquo;Ach\u00e8vement des activit\u00e9s doit \u00eatre activ\u00e9 pour suivre la progression des stagiaires. Les crit\u00e8res de l&rsquo;Ach\u00e8vement de la s\u00e9quence peuvent \u00e9galement \u00eatre bas\u00e9s sur les valeurs d&rsquo;ach\u00e8vement de l&rsquo;activit\u00e9 qui se trouvent dans les param\u00e8tres de l&rsquo;activit\u00e9.<\/p>\n<p>[\/et_pb_accordion_item][\/et_pb_accordion][\/et_pb_column][\/et_pb_row][et_pb_row admin_label=\u00a0\u00bbStatistics\u00a0\u00bb _builder_version=\u00a0\u00bb4.6.6&Prime; custom_margin=\u00a0\u00bb100px|||\u00a0\u00bb custom_padding=\u00a0\u00bb39px|40px||40px||\u00a0\u00bb border_radii=\u00a0\u00bbon|6px|6px|6px|6px\u00a0\u00bb box_shadow_style=\u00a0\u00bbpreset1&Prime; box_shadow_vertical=\u00a0\u00bb10px\u00a0\u00bb box_shadow_blur=\u00a0\u00bb24px\u00a0\u00bb box_shadow_spread=\u00a0\u00bb6px\u00a0\u00bb box_shadow_color=\u00a0\u00bbrgba(0,0,0,0.06)\u00a0\u00bb][et_pb_column type=\u00a0\u00bb4_4&Prime; _builder_version=\u00a0\u00bb3.25&Prime; custom_padding=\u00a0\u00bb|||\u00a0\u00bb custom_padding__hover=\u00a0\u00bb|||\u00a0\u00bb][et_pb_text _builder_version=\u00a0\u00bb4.6.6&Prime; _module_preset=\u00a0\u00bbdefault\u00a0\u00bb text_font=\u00a0\u00bbSource Sans Pro||||||||\u00a0\u00bb text_text_color=\u00a0\u00bb#3aa847&Prime;]<\/p>\n<h2><span style=\"color: #3aa847; font-size: 35px;\"><strong>Groupes<\/strong><\/span><\/h2>\n<p>&nbsp;<\/p>\n<p>[\/et_pb_text][et_pb_accordion _builder_version=\u00a0\u00bb4.9.2&Prime; _module_preset=\u00a0\u00bbdefault\u00a0\u00bb box_shadow_style=\u00a0\u00bbpreset1&Prime;][et_pb_accordion_item title=\u00a0\u00bbMode de groupe\u00a0\u00bb open=\u00a0\u00bbon\u00a0\u00bb _builder_version=\u00a0\u00bb4.9.2&Prime; _module_preset=\u00a0\u00bbdefault\u00a0\u00bb toggle_text_color=\u00a0\u00bb#2eaae2&Prime; toggle_level=\u00a0\u00bbh3&Prime; toggle_font=\u00a0\u00bbSource Sans Pro|600|||||||\u00a0\u00bb toggle_font_size=\u00a0\u00bb25px\u00a0\u00bb]<\/p>\n<p>Vous pouvez d\u00e9finir le Groupe au niveau de la s\u00e9quence \u00e0 l&rsquo;aide d&rsquo;un menu d\u00e9roulant. Les possibilit\u00e9s sont : \u00ab\u00a0Aucun groupe\u00a0\u00bb, \u00ab\u00a0Groupes s\u00e9par\u00e9s\u00a0\u00bb et \u00ab\u00a0Groupes visibles\u00a0\u00bb. Le param\u00e8tre s\u00e9lectionn\u00e9 sera le mode de groupe par d\u00e9faut pour toutes les activit\u00e9s d\u00e9finies dans cette s\u00e9quence. Le param\u00e9trage du groupe peut affecter ce que les utilisateurs voient dans la liste des participants et avec qui ils peuvent interagir dans les activit\u00e9s.<\/p>\n<p>[\/et_pb_accordion_item][et_pb_accordion_item title=\u00a0\u00bbImposer le mode de groupe\u00a0\u00bb _builder_version=\u00a0\u00bb4.9.2&Prime; _module_preset=\u00a0\u00bbdefault\u00a0\u00bb toggle_text_color=\u00a0\u00bb#2eaae2&Prime; toggle_level=\u00a0\u00bbh3&Prime; toggle_font=\u00a0\u00bbSource Sans Pro|600|||||||\u00a0\u00bb toggle_font_size=\u00a0\u00bb25px\u00a0\u00bb open=\u00a0\u00bboff\u00a0\u00bb]<\/p>\n<p>Lorsque le type des groupes est impos\u00e9 au niveau d&rsquo;une s\u00e9quence dans les param\u00e8tres, il est appliqu\u00e9 pour chaque activit\u00e9 de cette s\u00e9quence. Le type des groupes d\u00e9fini dans les activit\u00e9s est alors ignor\u00e9.<\/p>\n<p>[\/et_pb_accordion_item][et_pb_accordion_item title=\u00a0\u00bbGroupement par d\u00e9faut\u00a0\u00bb _builder_version=\u00a0\u00bb4.9.2&Prime; _module_preset=\u00a0\u00bbdefault\u00a0\u00bb toggle_text_color=\u00a0\u00bb#2eaae2&Prime; toggle_level=\u00a0\u00bbh3&Prime; toggle_font=\u00a0\u00bbSource Sans Pro|600|||||||\u00a0\u00bb toggle_font_size=\u00a0\u00bb25px\u00a0\u00bb open=\u00a0\u00bboff\u00a0\u00bb]<\/p>\n<p>Si les Groupements sont activ\u00e9s, un groupement peut \u00eatre d\u00e9fini par d\u00e9faut pour toutes les activit\u00e9s et les ressources de la s\u00e9quence.<\/p>\n<p>[\/et_pb_accordion_item][\/et_pb_accordion][\/et_pb_column][\/et_pb_row][et_pb_row admin_label=\u00a0\u00bbStatistics\u00a0\u00bb _builder_version=\u00a0\u00bb4.6.6&Prime; custom_margin=\u00a0\u00bb100px|||\u00a0\u00bb custom_padding=\u00a0\u00bb39px|40px||40px||\u00a0\u00bb border_radii=\u00a0\u00bbon|6px|6px|6px|6px\u00a0\u00bb box_shadow_style=\u00a0\u00bbpreset1&Prime; box_shadow_vertical=\u00a0\u00bb10px\u00a0\u00bb box_shadow_blur=\u00a0\u00bb24px\u00a0\u00bb box_shadow_spread=\u00a0\u00bb6px\u00a0\u00bb box_shadow_color=\u00a0\u00bbrgba(0,0,0,0.06)\u00a0\u00bb][et_pb_column type=\u00a0\u00bb4_4&Prime; _builder_version=\u00a0\u00bb3.25&Prime; custom_padding=\u00a0\u00bb|||\u00a0\u00bb custom_padding__hover=\u00a0\u00bb|||\u00a0\u00bb][et_pb_text _builder_version=\u00a0\u00bb4.6.6&Prime; _module_preset=\u00a0\u00bbdefault\u00a0\u00bb text_font=\u00a0\u00bbSource Sans Pro||||||||\u00a0\u00bb text_text_color=\u00a0\u00bb#3aa847&Prime;]<\/p>\n<h2><span style=\"color: #3aa847; font-size: 35px;\"><strong>Renommer les r\u00f4les<\/strong><\/span><\/h2>\n<p>&nbsp;<\/p>\n<p>[\/et_pb_text][et_pb_accordion _builder_version=\u00a0\u00bb4.9.2&Prime; _module_preset=\u00a0\u00bbdefault\u00a0\u00bb box_shadow_style=\u00a0\u00bbpreset1&Prime;][et_pb_accordion_item title=\u00a0\u00bbRenommer les r\u00f4les\u00a0\u00bb open=\u00a0\u00bbon\u00a0\u00bb _builder_version=\u00a0\u00bb4.9.2&Prime; _module_preset=\u00a0\u00bbdefault\u00a0\u00bb toggle_text_color=\u00a0\u00bb#2eaae2&Prime; toggle_level=\u00a0\u00bbh3&Prime; toggle_font=\u00a0\u00bbSource Sans Pro|600|||||||\u00a0\u00bb toggle_font_size=\u00a0\u00bb25px\u00a0\u00bb]<\/p>\n<p>Vous pouvez renommer les R\u00f4les utilis\u00e9s dans votre s\u00e9quence. Par exemple, vous pouvez renommer le R\u00f4le de Formateur en \u00ab\u00a0Guide\u00a0\u00bb. Ces nouveaux noms de r\u00f4le appara\u00eetront dans la s\u00e9quence. Par exemple sur les pages des participants et des permissions de d\u00e9rogation.<\/p>\n<p>Veuillez noter que l&rsquo;administrateur du site peut avoir chang\u00e9 les noms ou ajout\u00e9 de nouveaux r\u00f4les. Ces noms appara\u00eetront et le formateur pourra les renommer dans sa s\u00e9quence.<\/p>\n<p>Si vous voulez que le mot \u00ab\u00a0Formateur\u00a0\u00bb soit modifi\u00e9 pour toutes les s\u00e9quences du site, un administrateur du site peut modifier les r\u00f4les de Formateur et de Formateur non-\u00e9diteur dans Administration &gt; Administration du site &gt; Utilisateurs &gt; Permission &gt; D\u00e9finition des r\u00f4les et y changer le nom complet personnalis\u00e9.<\/p>\n<p>[\/et_pb_accordion_item][\/et_pb_accordion][\/et_pb_column][\/et_pb_row][et_pb_row admin_label=\u00a0\u00bbStatistics\u00a0\u00bb _builder_version=\u00a0\u00bb4.6.6&Prime; custom_margin=\u00a0\u00bb100px|||\u00a0\u00bb custom_padding=\u00a0\u00bb39px|40px||40px||\u00a0\u00bb border_radii=\u00a0\u00bbon|6px|6px|6px|6px\u00a0\u00bb box_shadow_style=\u00a0\u00bbpreset1&Prime; box_shadow_vertical=\u00a0\u00bb10px\u00a0\u00bb box_shadow_blur=\u00a0\u00bb24px\u00a0\u00bb box_shadow_spread=\u00a0\u00bb6px\u00a0\u00bb box_shadow_color=\u00a0\u00bbrgba(0,0,0,0.06)\u00a0\u00bb][et_pb_column type=\u00a0\u00bb4_4&Prime; _builder_version=\u00a0\u00bb3.25&Prime; custom_padding=\u00a0\u00bb|||\u00a0\u00bb custom_padding__hover=\u00a0\u00bb|||\u00a0\u00bb][et_pb_text _builder_version=\u00a0\u00bb4.6.6&Prime; _module_preset=\u00a0\u00bbdefault\u00a0\u00bb text_font=\u00a0\u00bbSource Sans Pro||||||||\u00a0\u00bb text_text_color=\u00a0\u00bb#3aa847&Prime;]<\/p>\n<h2><span style=\"color: #3aa847; font-size: 35px;\"><strong>Tags<\/strong><\/span><\/h2>\n<p>&nbsp;<\/p>\n<p>[\/et_pb_text][et_pb_accordion _builder_version=\u00a0\u00bb4.9.2&Prime; _module_preset=\u00a0\u00bbdefault\u00a0\u00bb box_shadow_style=\u00a0\u00bbpreset1&Prime;][et_pb_accordion_item title=\u00a0\u00bbTags\u00a0\u00bb open=\u00a0\u00bbon\u00a0\u00bb _builder_version=\u00a0\u00bb4.9.2&Prime; _module_preset=\u00a0\u00bbdefault\u00a0\u00bb toggle_text_color=\u00a0\u00bb#2eaae2&Prime; toggle_level=\u00a0\u00bbh3&Prime; toggle_font=\u00a0\u00bbSource Sans Pro|600|||||||\u00a0\u00bb toggle_font_size=\u00a0\u00bb25px\u00a0\u00bb]<\/p>\n<p>Les Formateurs peuvent ajouter des tags de s\u00e9quence ici, soit de nouveaux tags, soit des tags officiels.<\/p>\n<p>[\/et_pb_accordion_item][\/et_pb_accordion][\/et_pb_column][\/et_pb_row][\/et_pb_section]<\/p>\n","protected":false},"excerpt":{"rendered":"<p>Param\u00e8tres de la s\u00e9quenceG\u00e9n\u00e9raux &nbsp;Ceci est le nom de la s\u00e9quence. Il est affich\u00e9 sous forme de lien sur les listes de s\u00e9quence de la page d&rsquo;accueil, sur le tableau de bord et dans les rapports. Il est \u00e9galement utilis\u00e9 dans la barre de titre du navigateur lorsque la s\u00e9quence est affich\u00e9e.Par d\u00e9faut, seuls les [&hellip;]<\/p>\n","protected":false},"author":1,"featured_media":0,"comment_status":"open","ping_status":"closed","template":"","meta":{"_et_pb_use_builder":"on","_et_pb_old_content":"","_et_gb_content_width":""},"project_category":[31,32],"project_tag":[],"_links":{"self":[{"href":"https:\/\/www.pad-plus-ugecam.com\/tutoriels\/index.php\/wp-json\/wp\/v2\/project\/172"}],"collection":[{"href":"https:\/\/www.pad-plus-ugecam.com\/tutoriels\/index.php\/wp-json\/wp\/v2\/project"}],"about":[{"href":"https:\/\/www.pad-plus-ugecam.com\/tutoriels\/index.php\/wp-json\/wp\/v2\/types\/project"}],"author":[{"embeddable":true,"href":"https:\/\/www.pad-plus-ugecam.com\/tutoriels\/index.php\/wp-json\/wp\/v2\/users\/1"}],"replies":[{"embeddable":true,"href":"https:\/\/www.pad-plus-ugecam.com\/tutoriels\/index.php\/wp-json\/wp\/v2\/comments?post=172"}],"version-history":[{"count":0,"href":"https:\/\/www.pad-plus-ugecam.com\/tutoriels\/index.php\/wp-json\/wp\/v2\/project\/172\/revisions"}],"wp:attachment":[{"href":"https:\/\/www.pad-plus-ugecam.com\/tutoriels\/index.php\/wp-json\/wp\/v2\/media?parent=172"}],"wp:term":[{"taxonomy":"project_category","embeddable":true,"href":"https:\/\/www.pad-plus-ugecam.com\/tutoriels\/index.php\/wp-json\/wp\/v2\/project_category?post=172"},{"taxonomy":"project_tag","embeddable":true,"href":"https:\/\/www.pad-plus-ugecam.com\/tutoriels\/index.php\/wp-json\/wp\/v2\/project_tag?post=172"}],"curies":[{"name":"wp","href":"https:\/\/api.w.org\/{rel}","templated":true}]}}